{"id":1451,"date":"2019-02-04T22:03:19","date_gmt":"2019-02-04T21:03:19","guid":{"rendered":"https:\/\/www.servethecity.net\/berlin\/?page_id=1451"},"modified":"2026-04-23T16:01:16","modified_gmt":"2026-04-23T14:01:16","slug":"event","status":"publish","type":"page","link":"https:\/\/servethecity.koeln\/en\/event\/","title":{"rendered":"Events"},"content":{"rendered":"<div class=\"wpb-content-wrapper\">[vc_section][vc_row][vc_column][mk_fancy_title size=&#8221;50&#8243; font_weight=&#8221;300&#8243; letter_spacing=&#8221;15&#8243; margin_top=&#8221;50&#8243; font_family=&#8221;none&#8221; align=&#8221;center&#8221; animation=&#8221;scale-up&#8221;]Events[\/mk_fancy_title][vc_single_image image=&#8221;4800&#8243; img_size=&#8221;Medium&#8221; alignment=&#8221;center&#8221; onclick=&#8221;custom_link&#8221; css=&#8221;&#8221; link=&#8221;https:\/\/forms.office.com\/e\/j9SspLbBSu&#8221;][vc_separator color=&#8221;black&#8221; css=&#8221;&#8221;][\/vc_column][\/vc_row][\/vc_section][vc_row][vc_column width=&#8221;1\/2&#8243;][vc_single_image image=&#8221;5694&#8243; img_size=&#8221;Medium&#8221; css=&#8221;&#8221;][vc_column_text css=&#8221;.vc_custom_1776775860054{margin-bottom: 0px !important;}&#8221;]\n<h4>Gardening at EAE<\/h4>\n<p>Together, we\u2019ll bring a small garden in the initial reception center for refugees back to life: removing dead plants and weeds, preparing the beds, and planting edible peas as well as insect-friendly flowers and sunflowers. We\u2019ll also clean up the area, collect stones (which can later be painted by children), clean the sandbox, and reuse old tires for planting. The goal is to create a lively, clean, and shared green space. <b>Help us transform the garden into a blooming place for people and nature!<\/b><\/p>\n<div class=\"x_elementToProof\" data-olk-copy-source=\"MessageBody\">Date: New Date to be determined (Please contact the office for exact dates and updated information 015565 525654)<\/div>\n<div class=\"x_elementToProof\">Time: 17:00 to 19:30<\/div>\n<div class=\"x_elementToProof\">Where: <a title=\"https:\/\/www.google.com\/maps\/place\/Erstaufnahmeeinrichtung+K%C3%B6ln\/@50.9133651,6.9693751,17z\/data=!3m1!4b1!4m6!3m5!1s0x47bf25daaf73946b:0xe6263bb1217499d7!8m2!3d50.9133651!4d6.9693751!16s%2Fg%2F11tmrcbdqk?entry=ttu&amp;g_ep=EgoyMDI2MDMxNS4wIKXMDSoASAFQAw%3D%3D\" href=\"https:\/\/www.google.com\/maps\/place\/Erstaufnahmeeinrichtung+K%C3%B6ln\/@50.9133651,6.9693751,17z\/data=!3m1!4b1!4m6!3m5!1s0x47bf25daaf73946b:0xe6263bb1217499d7!8m2!3d50.9133651!4d6.9693751!16s%2Fg%2F11tmrcbdqk?entry=ttu&amp;g_ep=EgoyMDI2MDMxNS4wIKXMDSoASAFQAw%3D%3D\" target=\"_blank\" rel=\"noopener noreferrer\" data-auth=\"NotApplicable\" data-linkindex=\"7\">Sch\u00f6nhauser Str. 10-16, 50968 K\u00f6ln<\/a><\/div>\n<div><\/div>\n<div>Register <a href=\"https:\/\/forms.office.com\/e\/j9SspLbBSu\">HERE<\/a> or by <a href=\"https:\/\/www.meetup.com\/serve-the-city-koln\/events\/313908310\/?utm_medium=referral&amp;utm_campaign=share-btn_savedevents_share_modal&amp;utm_source=link&amp;utm_version=v2&amp;member_id=479116585\">MEETUP<\/a><\/div>\n<div>Security Control Register: <a href=\"https:\/\/forms.office.com\/e\/cY3yDFDHd8\">HERE<\/a><\/div>\n[\/vc_column_text][vc_zigzag color=&#8221;black&#8221;][vc_single_image image=&#8221;5394&#8243; img_size=&#8221;Medium&#8221; css=&#8221;&#8221;][vc_column_text css=&#8221;.vc_custom_1774362107385{margin-bottom: 0px !important;}&#8221;]\n<h4>Sound the City<\/h4>\n<p>Give a voice to what matters.<\/p>\n<p>Sound the City is a collaborative music project where we will create an original song together using real studio gear, creativity, and conversations about a social issue affecting our city.<\/p>\n<p>No musical experience needed.<\/p>\n<p>This is not about performance. It\u2019s about expression, listening, and impact.<br \/>\nAcross three sessions, we\u2019ll turn ideas into beats, words into melodies, and collaboration into awareness.<\/p>\n<p>Sessions: Saturday- March 21st, Saturday -April 25 and Saturday -May 23rd<\/p>\n<p>Time: 14:00 to 17:00<\/p>\n<p>Location: <a href=\"https:\/\/maps.app.goo.gl\/i7ZPuExsYtAG1Kze9\">STC KOELN OFFICE, <span data-olk-copy-source=\"MessageBody\">Luxemburgerstr<\/span>.273, 50939, Koeln<\/a><\/p>\n<p>Register <a href=\"https:\/\/forms.office.com\/e\/j9SspLbBSu\">HERE<\/a> or on <a href=\"https:\/\/www.meetup.com\/serve-the-city-koln\/events\/313063153\/\">MEET UP March 21st<\/a>, <a href=\"https:\/\/www.meetup.com\/serve-the-city-koln\/events\/313063162\/?_xtd=gqFyqTM4ODcwMDkwOaFwo2FwaQ%253D%253D&amp;from=ref\">MEET UP April 25<\/a> and <a href=\"https:\/\/www.meetup.com\/serve-the-city-koln\/events\/313063167\/?_xtd=gqFyqTM4ODcwMDkwOaFwo2FwaQ%253D%253D&amp;from=ref\">MEET UP May 23rd<\/a>[\/vc_column_text][vc_zigzag color=&#8221;black&#8221;][vc_single_image image=&#8221;5573&#8243; img_size=&#8221;Medium&#8221;][vc_column_text css=&#8221;.vc_custom_1776238641934{margin-bottom: 0px !important;}&#8221;]\n<h4>STC Cologne Social Gathering: <b data-olk-copy-source=\"MessageBody\">Hiking around the Br\u00fchler Schlossg\u00e4rten.<\/b><\/h4>\n<div data-olk-copy-source=\"MessageBody\">\n<div class=\"x_elementToProof\">We meet at\u00a0<a id=\"OWAcb33ae4e-b40f-75d8-e450-45ab9a5ef538\" class=\"x_OWAAutoLink\" title=\"https:\/\/www.google.com\/maps\/place\/Schwadorf\/@50.80088,6.9117751,504m\/data=!3m2!1e3!4b1!4m6!3m5!1s0x47bf1886e85e6b81:0xf84563165f58d28e!8m2!3d50.80088!4d6.91435!16s%2Fg%2F121fwj84?entry=ttu&amp;g_ep=EgoyMDI2MDQwOC4wIKXMDSoASAFQAw%3D%3D\" href=\"https:\/\/www.google.com\/maps\/place\/Schwadorf\/@50.80088,6.9117751,504m\/data=!3m2!1e3!4b1!4m6!3m5!1s0x47bf1886e85e6b81:0xf84563165f58d28e!8m2!3d50.80088!4d6.91435!16s%2Fg%2F121fwj84?entry=ttu&amp;g_ep=EgoyMDI2MDQwOC4wIKXMDSoASAFQAw%3D%3D\" target=\"_blank\" rel=\"noopener noreferrer\" data-auth=\"NotApplicable\" data-linkindex=\"1\">Br\u00fchl Schwardorf<\/a>\u00a0train station at 2 PM and begin our relaxed hike towards the Br\u00fchl Castles (UNESCO World Heritage Site).<\/div>\n<div>The route takes us through a pleasant landscape all the way to the historic castle complex in Br\u00fchl. Once there, participants can explore the spacious and beautifully maintained park grounds and enjoy the unique atmosphere.<\/div>\n<div>After arrival, anyone who wishes can grab something to eat or simply relax. The nearby Br\u00fchl train station offers a convenient option for the journey home.<\/div>\n<div><\/div>\n<\/div>\n<div class=\"x_elementToProof\" data-olk-copy-source=\"MessageBody\">When: May<\/div>\n<div class=\"x_elementToProof\" data-olk-copy-source=\"MessageBody\">Time: 2 PM to around 5 PM (open end)<\/div>\n<div class=\"x_elementToProof\">Meeting point: <a href=\"https:\/\/maps.app.goo.gl\/yhCkXpcai7mhNegr7\">Br\u00fchl-Schwadorf station &#8211; Tram Line 18<\/a><\/div>\n<div class=\"x_elementToProof\">Ending point: Br\u00fchl Palaces (next to Br\u00fchl station)<\/div>\n<div class=\"x_elementToProof\">What to bring: Comfortable clothes for walking, sun protection, water,\u00a0and if needed some snacks<\/div>\n<div><\/div>\n<div>Register on <a href=\"https:\/\/www.meetup.com\/serve-the-city-koln\/events\/314292420\/?utm_medium=referral&amp;utm_campaign=announce_event&amp;utm_source=link&amp;utm_version=v2&amp;member_id=479116585\">Meetup<\/a> or <a href=\"https:\/\/forms.office.com\/e\/j9SspLbBSu\">HERE<\/a><\/div>\n[\/vc_column_text][vc_zigzag color=&#8221;black&#8221;][vc_single_image image=&#8221;5700&#8243; img_size=&#8221;Medium&#8221;][vc_column_text]\n<h4>Baking Project<\/h4>\n<p>Join us to\u00a0<b>bake cookies<\/b> that will be given out to\u00a0 homeless people by\u00a0Diakonie K\u00f6ln for different occasions. Help us to make dough, cutting out, baking, or packing.<\/p>\n<p><b data-olk-copy-source=\"MessageBody\">Date:<\/b> between May 22 and 29 &#8211; Will confirm<br \/>\n<b>Time:<\/b> info coming<br \/>\n<b>Location:<\/b> confirming<\/p>\n<p>To Register, sign up <a href=\"https:\/\/forms.office.com\/e\/j9SspLbBSu\">HERE<\/a> or on MEETUP[\/vc_column_text][vc_zigzag color=&#8221;black&#8221;][vc_single_image image=&#8221;5706&#8243; img_size=&#8221;Medium&#8221;][vc_column_text margin_bottom=&#8221;0&#8243; css=&#8221;.vc_custom_1776952779432{margin-bottom: 0px !important;}&#8221;]\n<h4>Creative Crafts for Ukrainian Women<\/h4>\n<p>Join us as we facilitate a time of creativity for Ukrainian Women. We will provide a special\/unique craft for these ladies to create. Volunteers will assist and invite the ladies into conversation.<\/p>\n<p>Where: <a tabindex=\"0\" href=\"https:\/\/www.google.com\/maps\/place\/\/data=!4m2!3m1!1s0x47bf25ca47d2e54d:0x1226a9bf552f4c1?sa=X&amp;ved=1t:8290&amp;ictx=111\" data-url=\"\/maps\/place\/\/data=!4m2!3m1!1s0x47bf25ca47d2e54d:0x1226a9bf552f4c1?sa=X&amp;ved=2ahUKEwiRvaHFiP-TAxW3zgIHHST2KDUQ4kB6BAgIEAA\">Luxemburger Str. 273, 50939 K\u00f6ln<\/a> &#8211; STC KOELN Office<\/p>\n<p>When: June 11<\/p>\n<p>Time: 16:00 &#8211; 19:00 to set up\/event\/cleanup<\/p>\n<p>To Register sign up <a href=\"https:\/\/forms.office.com\/e\/j9SspLbBSu\">HERE<\/a>[\/vc_column_text][\/vc_column][vc_column width=&#8221;1\/2&#8243;][vc_single_image image=&#8221;5560&#8243; img_size=&#8221;Medium&#8221;][vc_column_text css=&#8221;.vc_custom_1776765019270{margin-bottom: 0px !important;}&#8221;]\n<h4>STC Cologne Social Gathering: Trash-Museum<\/h4>\n<p>The\u00a0\u00a0<a id=\"OWA6255cb77-5ce5-d2d3-1a26-f3ebdda1ddc1\" class=\"x_OWAAutoLink\" title=\"https:\/\/krake.koeln\/muellseum.php\" href=\"https:\/\/krake.koeln\/muellseum.php\" target=\"_blank\" rel=\"noopener noreferrer\" data-auth=\"NotApplicable\" data-linkindex=\"4\">M\u00fcllseum K\u00f6ln &#8211; KRAKE e.V.<\/a>\u00a0collects trash from the Rhine and displays the most extraordinary finds in an artistic way. We want to see what kind of trash ends up in the Rhine, learn more about river pollution and the resulting impact on the oceans, and understand how our RheinCleanup campaigns contribute to cleaner waters! Afterward, we\u2019d like to spend some time together; depending on the weather, we\u2019ll either go to the nearby\u00a0<a id=\"OWAaafad14f-85c6-f87d-e9f3-3c07fa092fca\" class=\"x_OWAAutoLink\" title=\"https:\/\/www.google.com\/maps\/place\/Rheinpromenade+K%C3%B6ln-Deutz\/@50.940526,6.9698187,15.5z\/data=!4m14!1m7!3m6!1s0x47bf2587142342af:0xaeff03a87365905e!2zTcO8bGxzZXVt!8m2!3d50.9323621!4d6.9913656!16s%2Fg%2F11rtf6wlf7!3m5!1s0x47bf25b8289f17df:0x194e476025f8d400!8m2!3d50.9394836!4d6.9683445!16s%2Fg%2F11c1526jnm?entry=ttu&amp;g_ep=EgoyMDI2MDMxNS4wIKXMDSoASAFQAw%3D%3D\" href=\"https:\/\/www.google.com\/maps\/place\/Rheinpromenade+K%C3%B6ln-Deutz\/@50.940526,6.9698187,15.5z\/data=!4m14!1m7!3m6!1s0x47bf2587142342af:0xaeff03a87365905e!2zTcO8bGxzZXVt!8m2!3d50.9323621!4d6.9913656!16s%2Fg%2F11rtf6wlf7!3m5!1s0x47bf25b8289f17df:0x194e476025f8d400!8m2!3d50.9394836!4d6.9683445!16s%2Fg%2F11c1526jnm?entry=ttu&amp;g_ep=EgoyMDI2MDMxNS4wIKXMDSoASAFQAw%3D%3D\" target=\"_blank\" rel=\"noopener noreferrer\" data-auth=\"NotApplicable\" data-linkindex=\"5\">Rheinpromenade K\u00f6ln-Deutz<\/a>\u00a0or the\u00a0<a id=\"OWAe080284a-584e-20b7-4623-4490805112b7\" class=\"x_OWAAutoLink\" title=\"https:\/\/www.koeln-arcaden.de\/\" href=\"https:\/\/www.koeln-arcaden.de\/\" target=\"_blank\" rel=\"noopener noreferrer\" data-auth=\"NotApplicable\" data-linkindex=\"6\">Arkarden in Cologne<\/a>. If the weather is nice, feel free to bring games and other things to enjoy during our time in the park.<\/p>\n<p>When: April 23<\/p>\n<p>Meeting Time: 17:00<\/p>\n<p>Location: M\u00fcllseum,\u00a0\u00a0<a id=\"OWA5463d7ef-cdc7-bbbd-ec92-278eedf1d47c\" class=\"x_OWAAutoLink\" title=\"https:\/\/www.google.com\/maps\/place\/M%C3%BCllseum\/@50.9375455,6.9853248,16.5z\/data=!4m6!3m5!1s0x47bf2587142342af:0xaeff03a87365905e!8m2!3d50.9323621!4d6.9913656!16s%2Fg%2F11rtf6wlf7?entry=ttu&amp;g_ep=EgoyMDI2MDMxNS4wIKXMDSoASAFQAw%3D%3D\" href=\"https:\/\/www.google.com\/maps\/place\/M%C3%BCllseum\/@50.9375455,6.9853248,16.5z\/data=!4m6!3m5!1s0x47bf2587142342af:0xaeff03a87365905e!8m2!3d50.9323621!4d6.9913656!16s%2Fg%2F11rtf6wlf7?entry=ttu&amp;g_ep=EgoyMDI2MDMxNS4wIKXMDSoASAFQAw%3D%3D\" target=\"_blank\" rel=\"noopener noreferrer\" data-auth=\"NotApplicable\" data-linkindex=\"0\">Burgenlandstra\u00dfe 3A, 51105 K\u00f6ln\u00a0<\/a><\/p>\n<p>Register <a href=\"https:\/\/forms.office.com\/e\/j9SspLbBSu\">Here<\/a> or on <a href=\"https:\/\/www.meetup.com\/serve-the-city-koln\/events\/313908019\/?utm_medium=referral&amp;utm_campaign=announce_event&amp;utm_source=link&amp;utm_version=v2&amp;member_id=479116585\">MEET UP<\/a>[\/vc_column_text][vc_zigzag color=&#8221;black&#8221;][vc_single_image image=&#8221;5568&#8243; img_size=&#8221;Medium&#8221;][vc_column_text css=&#8221;.vc_custom_1774878979675{margin-bottom: 0px !important;}&#8221;]\n<h4>Pick up Cigarette Butts<\/h4>\n<p class=\"mb-ds2-10\">As part of the\u00a0<a title=\"https:\/\/www.rhinecleanup.org\/de\/\" href=\"https:\/\/www.rhinecleanup.org\/de\/\" data-auth=\"NotApplicable\" data-linkindex=\"3\">RhineCleanup<\/a>\u00a0<a title=\"https:\/\/www.rhinecleanup.org\/de\/news\/rhein-kippen-gemeinsam-gegen-die-kippenverschmutzung\" href=\"https:\/\/www.rhinecleanup.org\/de\/news\/rhein-kippen-gemeinsam-gegen-die-kippenverschmutzung\" data-auth=\"NotApplicable\" data-linkindex=\"4\">Cigarette\u00a0<span class=\"markbikyimwi7\" data-markjs=\"true\" data-ogac=\"\" data-ogab=\"\" data-ogsc=\"\" data-ogsb=\"\">Butt<\/span>\u00a0Cleanup Week<\/a>, we will collect cigarette\u00a0<span class=\"markbikyimwi7\" data-markjs=\"true\" data-ogac=\"\" data-ogab=\"\" data-ogsc=\"\" data-ogsb=\"\">butt<\/span>s together in the Inner Green Belt and around Ebertplatz. Cigarette\u00a0<span class=\"markbikyimwi7\" data-markjs=\"true\" data-ogac=\"\" data-ogab=\"\" data-ogsc=\"\" data-ogsb=\"\">butt<\/span>s are one of the most common types of litter and pollute the environment with toxic substances and microplastics. We\u2019ll meet on site, and then collect together in small groups &#8211; we will bring all the equimpent. Help us make the city cleaner and take a stand against cigarette\u00a0<span class=\"markbikyimwi7\" data-markjs=\"true\" data-ogac=\"\" data-ogab=\"\" data-ogsc=\"\" data-ogsb=\"\">butt<\/span>\u00a0pollution!<\/p>\n<p>When: May 3<\/p>\n<p>Time: 14:00 to 16:00<\/p>\n<p class=\"mb-ds2-10\">Location: Meeting point is <a id=\"x_anchor-52f2dab6-1a31-2754-a372-1d887c1d9168\" title=\"https:\/\/www.google.de\/maps\/place\/Basketball+Court+im+Gr%C3%BCng%C3%BCrtel\/@50.9422712,6.9302597,16z\/data=!3m1!5s0x47bf251aaf579dd7:0xa97b3205f40d1932!4m6!3m5!1s0x47bf251aa1c2c7b5:0x9b6c12e4badcdf42!8m2!3d50.9424332!4d6.9301891!16s%2Fg%2F11bwclhwg8?entry=ttu&amp;g_ep=EgoyMDI2MDMxOC4xIKXMDSoASAFQAw%3D%3D\" href=\"https:\/\/www.google.de\/maps\/place\/Basketball+Court+im+Gr%C3%BCng%C3%BCrtel\/@50.9422712,6.9302597,16z\/data=!3m1!5s0x47bf251aaf579dd7:0xa97b3205f40d1932!4m6!3m5!1s0x47bf251aa1c2c7b5:0x9b6c12e4badcdf42!8m2!3d50.9424332!4d6.9301891!16s%2Fg%2F11bwclhwg8?entry=ttu&amp;g_ep=EgoyMDI2MDMxOC4xIKXMDSoASAFQAw%3D%3D\" target=\"_blank\" rel=\"noopener noreferrer\" data-auth=\"NotApplicable\" data-linkindex=\"0\" data-olk-copy-source=\"MessageBody\">Basketball Court im Gr\u00fcng\u00fcrtel, Ludolf-Camphausen-Stra\u00dfe 22, 50672 K\u00f6ln<\/a><\/p>\n<p>Register <a href=\"https:\/\/forms.office.com\/e\/j9SspLbBSu\">HERE<\/a> or on <a href=\"https:\/\/www.meetup.com\/serve-the-city-koln\/events\/313908732\/?utm_medium=referral&amp;utm_campaign=share-btn_savedevents_share_modal&amp;utm_source=link&amp;utm_version=v2&amp;member_id=479116585\">MEETUP<\/a>[\/vc_column_text][vc_zigzag color=&#8221;black&#8221;][vc_single_image image=&#8221;5694&#8243; img_size=&#8221;Medium&#8221; css=&#8221;&#8221;][vc_column_text css=&#8221;.vc_custom_1776779365734{margin-bottom: 0px !important;}&#8221;]\n<h4 data-pm-slice=\"1 1 []\">Gardening at EAE<\/h4>\n<p data-pm-slice=\"1 1 []\">Together, we\u2019ll bring the small gardens in the initial reception center for refugees back to life: removing dead plants and weeds, preparing the beds, and planting edible vegetables as well as insect-friendly flowers. We\u2019ll also sow flowers in old tires for planting. The goal is to create a lively, clean, and shared green space.<\/p>\n<p><strong>Help us transform the garden into a blooming place for people and nature!<\/strong><\/p>\n<p data-pm-slice=\"1 1 []\">Date: May 18<\/p>\n<p>Time: 16:30 &#8211; 18:30 Uhr<\/p>\n<p>Location: <a href=\"https:\/\/share.google\/tZX5IYpuhPYVKNWHu\">Sch\u00f6nhauser Str. 10-16, 50968 K\u00f6ln\u00a0<\/a><\/p>\n<p>Registration until May 11<\/p>\n<p>All Participants must complete the Security Registration: <a href=\"https:\/\/forms.office.com\/e\/cY3yDFDHd8\">HERE<\/a><\/p>\n<p>Register <a href=\"https:\/\/forms.office.com\/e\/j9SspLbBSu\">HERE<\/a> or on <a href=\"https:\/\/www.meetup.com\/serve-the-city-koln\/events\/314397998\/?utm_medium=referral&amp;utm_campaign=announce_event&amp;utm_source=link&amp;utm_version=v2&amp;member_id=479116585\">MEETUP<\/a>[\/vc_column_text][vc_zigzag color=&#8221;black&#8221;][vc_single_image image=&#8221;5575&#8243; img_size=&#8221;medium&#8221;][vc_column_text css=&#8221;.vc_custom_1776766921680{margin-bottom: 0px !important;}&#8221;]\n<h4>Global Volunteer Day: Trash Pickup<\/h4>\n<p>Join us on Global Volunteer Day as we pick up trash along Cologne&#8217;s beloved greenbelt!<\/p>\n<p>When: June 13<\/p>\n<p>Time: 10:00 to 12:00<\/p>\n<p>Meeting Point: <a href=\"https:\/\/maps.app.goo.gl\/wjRGKkNmrgvnukbz9\">K\u00f6ln Eifelwall\/Stadtarchiv Bus Stop (142) direction Bonn (line 18)<\/a><\/p>\n<p>End Point: Z\u00fclpicher Str.<\/p>\n<p>Register <a href=\"https:\/\/forms.office.com\/e\/zTcErkNbAX\">HERE<\/a><\/p>\n<p>Register also on <a href=\"https:\/\/www.meetup.com\/serve-the-city-koln\/events\/314396458\/?utm_medium=referral&amp;utm_campaign=announce_event&amp;utm_source=link&amp;utm_version=v2&amp;member_id=479116585\">MEETUP<\/a>[\/vc_column_text][\/vc_column][\/vc_row][mk_page_section bg_color=&#8221;#ffffff&#8221; bg_position=&#8221;center center&#8221; bg_repeat=&#8221;no-repeat&#8221; speed_factor=&#8221;-10&#8243; min_height=&#8221;2&#8243; full_width=&#8221;true&#8221; padding_top=&#8221;0&#8243; padding_bottom=&#8221;0&#8243; sidebar=&#8221;mw-event-calendar-sidebar&#8221;][vc_column][vc_column_text align=&#8221;center&#8221; css=&#8221;.vc_custom_1768909065469{margin-bottom: 0px !important;}&#8221;]\n<h1 style=\"text-align: center;\">Ongoing Projects<\/h1>\n[\/vc_column_text][vc_separator color=&#8221;black&#8221; css=&#8221;&#8221;][vc_single_image image=&#8221;5100&#8243; img_size=&#8221;Medium&#8221; alignment=&#8221;center&#8221; css=&#8221;&#8221;][vc_column_text css=&#8221;.vc_custom_1768909169446{margin-bottom: 0px !important;}&#8221;]\n<h4>German Table<\/h4>\n<p>Meet, talk and connection<\/p>\n<p>Join us for our next gathering! We&#8217;ll be catching up, building up our community her in S\u00fclz, and enjoying the night together! As always, drinks are available (donations for drinks are appreciated!)<\/p>\n<p>When: 1st and 3rd Thursdays (Some exceptions) 19:00<\/p>\n<p>Where: STC KOELN Office- <span class=\"w8qArf FoJoyf\">\u00a0<\/span><a tabindex=\"0\" href=\"https:\/\/share.google\/yut4Ffjx7bQT0hJQq\" data-url=\"\/maps\/place\/\/data=!4m2!3m1!1s0x47bf25ca47d2e54d:0x1226a9bf552f4c1?sa=X&amp;ved=2ahUKEwjT9OeeotiQAxUM0gIHHQrTBB0Q4kB6BAgLEAA\">Luxemburger Str. 273, 50939 K\u00f6ln<\/a><\/p>\n<p>For all upcoming dates and to register click <a href=\"https:\/\/www.meetup.com\/deutscherstammtisch\/\">HERE<\/a>[\/vc_column_text][mk_button corner_style=&#8221;rounded&#8221; size=&#8221;large&#8221; url=&#8221;https:\/\/www.meetup.com\/deutscherstammtisch\/&#8221; bg_color=&#8221;#dd3333&#8243;]For all upcoming dates and to register[\/mk_button][vc_single_image image=&#8221;4667&#8243; img_size=&#8221;Medium&#8221; css=&#8221;&#8221;][vc_column_text css=&#8221;.vc_custom_1768909355257{margin-bottom: 0px !important;}&#8221;]\n<p style=\"text-align: left;\">Are you looking for a place to test your language skills? Every 14 days on Saturdays, we offer the opportunity to get to know each other in relaxed conversations in German and English. Come and improve your language skills or meet new people! Enjoy delicious coffee\/tea and experience even better conversations.<\/p>\n<p style=\"text-align: left;\"><span style=\"color: #ff0000;\"><b><strong>For the palate:<\/strong><\/b><\/span> delicious coffee\/tea and homemade cake<\/p>\n<p style=\"text-align: left;\"><span style=\"color: #ff0000;\"><b><strong>For the soul:<\/strong><\/b><\/span> encouraging conversations in German and English.<\/p>\n<p style=\"text-align: left;\"><span style=\"color: #ff0000;\"><b><strong>Venue: <\/strong><\/b><\/span>EFG &#8211; Cologne City Mission,\u00a0Berrenrather Str. 354, 50937 Cologne-S\u00fclz<\/p>\n<p style=\"text-align: left;\"><span style=\"color: #ff0000;\"><b><strong>Directions:\u00a0<\/strong><\/b><\/span>Line 18: S\u00fclzg\u00fcrtel stop and 5 minutes by foot,\u00a0Line 13, bus 130, 134 and 978: Berrenrather Str. \/ G\u00fcrtel stop and 2 minutes by foot<\/p>\n<p style=\"text-align: left;\"><span style=\"color: #ff0000;\"><b><strong>Opening hours: <\/strong><\/b><\/span>every second week on Saturdays,\u00a0from 16:00 to 18:00<\/p>\n<p style=\"text-align: left;\"><span style=\"color: #ff0000;\"><b><strong>Everyone is cordially invited!<\/strong><\/b><\/span><\/p>\n<p style=\"text-align: left;\">Find us on <a href=\"https:\/\/www.meetup.com\/zuckersulz\/\">MEET UP<\/a><\/p>\n[\/vc_column_text][mk_button corner_style=&#8221;rounded&#8221; size=&#8221;large&#8221; url=&#8221;https:\/\/www.meetup.com\/zuckersulz\/?eventOrigin=event_home_page&#8221; bg_color=&#8221;#dd3333&#8243;]For all upcoming dates and to register[\/mk_button][vc_single_image image=&#8221;4669&#8243; img_size=&#8221;Medium&#8221; alignment=&#8221;center&#8221; css=&#8221;&#8221;][\/vc_column][\/mk_page_section][vc_row][vc_column][vc_column_text css=&#8221;.vc_custom_1725369386683{margin-bottom: 0px !important;}&#8221;]\n<h2 style=\"text-align: center;\"><span style=\"color: #ff0000;\">We\u2019re looking for ongoing volunteers for projects in the <\/span><\/h2>\n<h2 style=\"text-align: center;\"><span style=\"color: #ff0000;\">EAE (European Homecare) K\u00f6ln!<\/span><\/h2>\n<p>We work passionately for the wellbeing of Refugees in the EAE K\u00f6ln (Refugee First- Intake Center). Our mission is to support the residents in their daily lives as well as to improve their quality of life through a variety of projects. We need your help in this valuable work.<\/p>\n<p>WHAT WE DO:<\/p>\n<ul>\n<li><span style=\"color: #ff0000;\">Sports Projects:<\/span> We organize regular sports and activities to help improve community and fitness for the residents. Whether through Football tournaments, Volleyball matches or Picnics in the park, there is something available for everyone.<\/li>\n<li><span style=\"color: #ff0000;\">Art Projects:<\/span> Creativity knows no borders! We offer a variety of activities ranging from painting workshops to theater productions to music projects. Everyone has the chance to discover their artistic talents.<\/li>\n<li><span style=\"color: #ff0000;\">Beautification Projects:<\/span> With our beautification projects we seek to improve and beautify the Refugee center and its surroundings. These include gardening, renovation, and other creative ways to bring more beauty into the community.<\/li>\n<\/ul>\n<p>WHY GET INVOLVED?<\/p>\n<ul>\n<li><span style=\"color: #ff0000;\">Do something good:<\/span> Your help makes a real difference in the lives of people who are in urgent need of help.<\/li>\n<li><span style=\"color: #ff0000;\">Have new experiences:<\/span> Get to know people from different cultures and gain valuable volunteer experience.<\/li>\n<li><span style=\"color: #ff0000;\">Experience community:<\/span> Become a part of an active and caring community that does some big things together.<\/li>\n<\/ul>\n<p>Want to get involved?!<br \/>\nAre you interested in becoming a part of our team that regularly serves and supports<br \/>\nour projects at EAE? Let us know by registering on our website! It doesn\u2019t matter if you<br \/>\nhave a little time or a lot of time to give \u2013 together we\u2019ll find the right opportunity for you<br \/>\nto get involved.[\/vc_column_text][\/vc_column][\/vc_row][vc_row][vc_column][vc_cta h2=&#8221;To sign up for ON-Going projects at EAE, Click the box on our Volunteer Form&#8221; color=&#8221;juicy-pink&#8221; add_button=&#8221;right&#8221; btn_title=&#8221;On-Going Projects at EAE&#8221; btn_color=&#8221;danger&#8221; css=&#8221;&#8221; btn_link=&#8221;url:https%3A%2F%2Fservethecity.koeln%2Fen%2Fvolunteer-form%2F|target:_blank&#8221;][\/vc_cta][\/vc_column][\/vc_row][vc_row][vc_column][vc_zigzag][\/vc_column][\/vc_row][vc_row][vc_column width=&#8221;1\/2&#8243;][vc_single_image image=&#8221;4766&#8243; img_size=&#8221;Medium&#8221; css=&#8221;&#8221;][\/vc_column][vc_column width=&#8221;1\/2&#8243;][vc_column_text css=&#8221;.vc_custom_1745408156815{margin-bottom: 0px !important;}&#8221;]<strong>UNIKLINIK KOELN<\/strong><\/p>\n<p>Long-Term Volunteers needed<\/p>\n<p>The University Hospital Cologne offers medical care at the cutting edge of medical knowledge and expertise. Every day, the people who work here are committed to the physical and emotional well-being of patients. Volunteers also make a significant and unmistakable contribution by listening, showing compassion and exchanging ideas from person to person.<\/p>\n<p>Must know German.<\/p>\n<p>For more information and to register, sign up <a href=\"https:\/\/www.uk-koeln.de\/patienten-besucher\/unterstuetzung-training\/ehrenamtlicher-besuchsdienst\/\"><strong>HERE<\/strong><\/a>[\/vc_column_text][\/vc_column][\/vc_row]\n<\/div>","protected":false},"excerpt":{"rendered":"<p>[vc_section][vc_row][vc_column][mk_fancy_title size=&#8221;50&#8243; font_weight=&#8221;300&#8243; letter_spacing=&#8221;15&#8243; margin_top=&#8221;50&#8243; font_family=&#8221;none&#8221; align=&#8221;center&#8221; animation=&#8221;scale-up&#8221;]Events[\/mk_fancy_title][vc_single_image image=&#8221;4800&#8243; img_size=&#8221;Medium&#8221; alignment=&#8221;center&#8221; onclick=&#8221;custom_link&#8221; css=&#8221;&#8221; link=&#8221;https:\/\/forms.office.com\/e\/j9SspLbBSu&#8221;][vc_separator color=&#8221;black&#8221; css=&#8221;&#8221;][\/vc_column][\/vc_row][\/vc_section][vc_row][vc_column width=&#8221;1\/2&#8243;][vc_single_image image=&#8221;5694&#8243; img_size=&#8221;Medium&#8221; css=&#8221;&#8221;][vc_column_text css=&#8221;.vc_custom_1776775860054{margin-bottom: 0px !important;}&#8221;] Gardening at EAE Together, we\u2019ll bring a small garden in the initial reception center for refugees back to life: removing dead plants and weeds, preparing the beds, and planting edible peas as [&hellip;]<\/p>\n","protected":false},"author":55,"featured_media":0,"parent":0,"menu_order":0,"comment_status":"closed","ping_status":"closed","template":"","meta":{"footnotes":""},"class_list":["post-1451","page","type-page","status-publish","hentry"],"_links":{"self":[{"href":"https:\/\/servethecity.koeln\/en\/wp-json\/wp\/v2\/pages\/1451","targetHints":{"allow":["GET"]}}],"collection":[{"href":"https:\/\/servethecity.koeln\/en\/wp-json\/wp\/v2\/pages"}],"about":[{"href":"https:\/\/servethecity.koeln\/en\/wp-json\/wp\/v2\/types\/page"}],"author":[{"embeddable":true,"href":"https:\/\/servethecity.koeln\/en\/wp-json\/wp\/v2\/users\/55"}],"replies":[{"embeddable":true,"href":"https:\/\/servethecity.koeln\/en\/wp-json\/wp\/v2\/comments?post=1451"}],"version-history":[{"count":10,"href":"https:\/\/servethecity.koeln\/en\/wp-json\/wp\/v2\/pages\/1451\/revisions"}],"predecessor-version":[{"id":5716,"href":"https:\/\/servethecity.koeln\/en\/wp-json\/wp\/v2\/pages\/1451\/revisions\/5716"}],"wp:attachment":[{"href":"https:\/\/servethecity.koeln\/en\/wp-json\/wp\/v2\/media?parent=1451"}],"curies":[{"name":"wp","href":"https:\/\/api.w.org\/{rel}","templated":true}]}}